{"id":11048,"date":"2019-05-28T15:20:49","date_gmt":"2019-05-28T13:20:49","guid":{"rendered":"http:\/\/www.gruenewald-international.info\/datenschutz\/"},"modified":"2019-11-19T12:07:19","modified_gmt":"2019-11-19T11:07:19","slug":"polityka-prywatnosci","status":"publish","type":"page","link":"https:\/\/www.gruenewald-international.com\/pl\/polityka-prywatnosci\/","title":{"rendered":"Polityka Prywatno\u015bci"},"content":{"rendered":"[vc_row type=&#8221;in_container&#8221; full_screen_row_position=&#8221;middle&#8221; column_margin=&#8221;default&#8221; scene_position=&#8221;center&#8221; text_color=&#8221;dark&#8221; text_align=&#8221;left&#8221; class=&#8221;trennung-standard&#8221; overlay_strength=&#8221;0.3&#8243; shape_divider_position=&#8221;bottom&#8221; bg_image_animation=&#8221;none&#8221; shape_type=&#8221;&#8221;][vc_column column_padding=&#8221;no-extra-padding&#8221; column_padding_position=&#8221;all&#8221; background_color_opacity=&#8221;1&#8243; background_hover_color_opacity=&#8221;1&#8243; column_link_target=&#8221;_self&#8221; column_shadow=&#8221;none&#8221; column_border_radius=&#8221;none&#8221; width=&#8221;1\/1&#8243; tablet_width_inherit=&#8221;default&#8221; tablet_text_alignment=&#8221;default&#8221; phone_text_alignment=&#8221;default&#8221; overlay_strength=&#8221;0.3&#8243; column_border_width=&#8221;none&#8221; column_border_style=&#8221;solid&#8221; bg_image_animation=&#8221;none&#8221;][divider line_type=&#8221;No Line&#8221;][\/vc_column][\/vc_row][vc_row type=&#8221;in_container&#8221; full_screen_row_position=&#8221;middle&#8221; column_margin=&#8221;default&#8221; scene_position=&#8221;center&#8221; text_color=&#8221;dark&#8221; text_align=&#8221;left&#8221; overlay_strength=&#8221;0.3&#8243; shape_divider_position=&#8221;bottom&#8221; bg_image_animation=&#8221;none&#8221;][vc_column column_padding=&#8221;no-extra-padding&#8221; column_padding_position=&#8221;all&#8221; background_color_opacity=&#8221;1&#8243; background_hover_color_opacity=&#8221;1&#8243; column_link_target=&#8221;_self&#8221; column_shadow=&#8221;none&#8221; column_border_radius=&#8221;none&#8221; width=&#8221;1\/1&#8243; tablet_width_inherit=&#8221;default&#8221; tablet_text_alignment=&#8221;default&#8221; phone_text_alignment=&#8221;default&#8221; overlay_strength=&#8221;0.3&#8243; column_border_width=&#8221;none&#8221; column_border_style=&#8221;solid&#8221; bg_image_animation=&#8221;none&#8221;][vc_column_text]\n<h1 class=\"csc-firstHeader\">Ochrona danych<\/h1>\n[\/vc_column_text][vc_column_text]\n<h3>Wy\u0142\u0105czenie odpowiedzialno\u015bci (Disclaimer):<\/h3>\n<article>\n<p class=\"bodytext\">Zgodnie z \u00a7 7 ust.1 TMG (ustawy o telemediach), jako us\u0142ugodawca jeste\u015bmy odpowiedzialni za tre\u015bci znajduj\u0105ce si\u0119 niniejszych stronach, zgodnie z og\u00f3lnymi zapisami prawnymi.\u00a0 Zgodnie z \u00a7\u00a7 8 do 10 TMG nie jeste\u015bmy zobowi\u0105zani do kontroli przekazanych b\u0105d\u017a zapisanych informacji obcego pochodzenia, ani do badania okoliczno\u015bci wskazuj\u0105cych na czyny niezgodne z prawem. Powy\u017csze nie ma wp\u0142ywu na obowi\u0105zek usuni\u0119cia b\u0105d\u017a zablokowania mo\u017cliwo\u015bci korzystania z informacji, tak jak wymagaj\u0105 tego zapisy prawa. Przyj\u0119cie odpowiedzialno\u015bci mo\u017cliwe jest, jednak\u017ce dopiero od momentu uzyskania wiedzy o konkretnym przypadku naruszeniu prawa. W przypadku stwierdzenia naruszenia prawa, dane tre\u015bci zostan\u0105 przez nas niezw\u0142ocznie usuni\u0119te.<\/p>\n<p class=\"bodytext\"><b>Odpowiedzialno\u015b\u0107 za linki<\/b><br \/>\nNasza oferta zawiera linki do stron us\u0142ugodawc\u00f3w trzecich, na kt\u00f3rych tre\u015b\u0107 nie mamy wp\u0142ywu. W zwi\u0105zku z powy\u017cszym nie ponosimy \u017cadnej odpowiedzialno\u015bci za tre\u015bci obce znajduj\u0105ce si\u0119 na tych stronach. Za tre\u015b\u0107 stron, do kt\u00f3rych prowadz\u0105 linki odpowiada ich w\u0142a\u015bciciel lub administrator W momencie linkowania, strony linkowane sprawdzono pod k\u0105tem ewentualnych wykrocze\u0144. W momencie linkowania nie stwierdzono na nich tre\u015bci niezgodnych z prawem.\u00a0 Sta\u0142e monitorowanie tre\u015bci stron, do kt\u00f3rych prowadz\u0105 linki, w przypadku braku konkretnych dowod\u00f3w na naruszenie prawa nie jest mo\u017cliwe.\u00a0 Linki prowadz\u0105ce do stron niezgodnych z prawem zostan\u0105 przez nas usuni\u0119te natychmiast po stwierdzeniu ich niezgodno\u015bci.<\/p>\n<p><b>Prawo autorskie<\/b><br \/>\nTre\u015bci oraz dzie\u0142a stworzone przez w\u0142a\u015bciciela strony i znajduj\u0105ce si\u0119 na poni\u017cszych stronach podlegaj\u0105 przepisom prawa niemieckiego. Powielanie, edycja, rozpowszechnianie oraz ka\u017cdy rodzaj wykorzystywania wykraczaj\u0105cego poza granice prawa autorskiego wymagaj\u0105 pisemnej zgody autora b\u0105d\u017a tw\u00f3rcy danych tre\u015bci. Pobieranie oraz kopiowanie zawarto\u015bci tych stron dozwolone jest wy\u0142\u0105cznie do u\u017cytku prywatnego i niekomercyjnego. O ile autorem tre\u015bci zawartych na tych stronach nie jest sam administrator, zastosowanie maj\u0105 prawa autorskie os\u00f3b trzecich.\u00a0 Tre\u015bci, kt\u00f3rych autorem jest osoba trzecia, zostan\u0105 jako takie odpowiednio wyszczeg\u00f3lnione.\u00a0 Prosimy o zg\u0142aszanie ka\u017cdego stwierdzonego przypadku naruszenia prawa.\u00a0 Tre\u015bci niezgodne z prawem zostan\u0105 przez nas usuni\u0119te natychmiast po otrzymaniu takowej informacji.<\/p>\n<\/article>\n<p class=\"bodytext\"><b>Plac\u00f3wki kontroli biologicznej grupy Gr\u00fcnewald International:<\/b><br \/>\nGr\u00fcnewald Fruchtsaft GmbH: AT-BIO-301<br \/>\nMainfrucht GmbH &amp; Co. KG: DE-\u00d6KO-001<br \/>\nErnteband Fruchtsaft GmbH: DE-\u00d6KO-003<br \/>\nPomerania Frucht Spolka z o.o.: PL-EKO-06<br \/>\nPodgorina Frucht d.o.o.: RS-BIO-133<br \/>\nPPHU Agrotex Sp. z o.o.: PL-EKO-06<\/p>\n<h3>Polityka prywatno\u015bci<\/h3>\n<p class=\"bodytext\"><b>Ochrona danych<\/b><br \/>\nAdministrator niniejszych stron dok\u0142ada wszelkich mo\u017cliwych stara\u0144 do zapewnienia odpowiedniej ochrony danych osobowych u\u017cytkownika. Dane osobowe u\u017cytkownika traktowane s\u0105 z pe\u0142n\u0105 poufno\u015bci\u0105 i stosowanie do zapis\u00f3w prawnych dotycz\u0105cych ich ochrony, jak r\u00f3wnie\u017c w zgodzie z niniejsz\u0105 polityk\u0105 prywatno\u015bci. Korzystanie z naszych stron mo\u017cliwe jest zasadniczo r\u00f3wnie\u017c bez podania danych osobowych u\u017cytkownika. Ewentualne gromadzenie takich danych, jak nazwisko, adres zamieszkania czy adres mailowy odbywa si\u0119, na ile jest to mo\u017cliwe, na zasadzie dobrowolno\u015bci ich przekazania przez u\u017cytkownika. Dane te nie s\u0105 przekazywane osobom trzecim bez wyra\u017anej zgody u\u017cytkownika. U\u017cytkownik powinien by\u0107 \u015bwiadomy zagro\u017ce\u0144 dla bezpiecze\u0144stwa danych podczas ich transferu w Internecie (np. korespondencji mailowej). Nie ma mo\u017cliwo\u015bci stuprocentowego zabezpieczenia danych przed dost\u0119pem os\u00f3b trzecich.<\/p>\n<p class=\"bodytext\">Kontakt z osob\u0105 odpowiedzialn\u0105 za ochron\u0119 danych osobowych: <a href=\"&#109;&#x61;&#x69;l&#116;&#x6f;:&#100;&#x73;&#x62;&#64;&#109;&#x61;i&#110;&#x66;&#x72;u&#99;&#x68;t&#46;&#x64;&#x65;\">&#100;s&#98;&#64;&#109;a&#x69;n&#x66;r&#x75;c&#x68;t&#x2e;d&#x65;<\/a><\/p>\n<p class=\"bodytext\"><b>Prawo do dost\u0119pu, usuni\u0119cia i zablokowania danych<\/b><br \/>\nU\u017cytkownikowi w ka\u017cdej chwili przys\u0142uguje prawo do bezp\u0142atnej informacji odno\u015bnie zgromadzonych na jego temat danych osobowych, \u017ar\u00f3d\u0142a ich pochodzenia, ich odbiorcy oraz celu ich przetwarzania, jak r\u00f3wnie\u017c prawo do sprostowania, zablokowania b\u0105d\u017a usuni\u0119cia tych danych. Dodatkowe informacje odno\u015bnie danych osobowych uzyska\u0107 mo\u017cna pod adresem podanym w Impressum.<\/p>\n<p><b>Ciasteczka<\/b><br \/>\nWi\u0119kszo\u015b\u0107 stron internetowych korzysta z plik\u00f3w cookies. Pliki te nie stanowi\u0105 \u017cadnego zagro\u017cenia dla komputera u\u017cytkownika i nie zawieraj\u0105 wirus\u00f3w. Cookies podwy\u017cszaj\u0105 komfort u\u017cytkowania, efektywno\u015b\u0107 i bezpiecze\u0144stwo naszych stron. Cookies to niewielkie pliki tekstowe zapisywane przez przegl\u0105dark\u0119 internetow\u0105 na komputerze u\u017cytkownika.\u00a0 Wi\u0119kszo\u015b\u0107 z u\u017cywanych przez nas cookies, to tzw. \u201eSession-Cookies\u201c \u2013 zostaj\u0105 one automatycznie usuni\u0119te z komputera u\u017cytkownika po opuszczeniu naszej strony. Inne rodzaje cookies pozostaj\u0105 na komputerze u\u017cytkownika do momentu ich r\u0119cznego usuni\u0119cia.\u00a0 Umo\u017cliwiaj\u0105 nam one rozpoznanie przegl\u0105darki u\u017cytkownika podczas kolejnych odwiedzin.\u00a0 Istnieje mo\u017cliwo\u015b\u0107 skonfigurowania przegl\u0105darki w taki spos\u00f3b, by u\u017cytkownik otrzymywa\u0142 informacj\u0119 o zamiarze pobrania plik\u00f3w cookies i samodzielnie m\u00f3g\u0142 podj\u0105\u0107 decyzj\u0119 o ich zapisie w danej chwili, zapisie tylko w okre\u015blonym przypadku b\u0105d\u017a te\u017c o ca\u0142kowitym wy\u0142\u0105czeniu ich zapisu. Mo\u017cliwe jest r\u00f3wnie\u017c uaktywnienie opcji usuwania plik\u00f3w cookies w momencie zamykania przegl\u0105darki. Wy\u0142\u0105czenie plik\u00f3w cookies mo\u017ce doprowadzi\u0107 do ogranicze\u0144 w funkcjonowaniu naszej strony internetowej.<b><br \/>\n<\/b><\/p>\n<p class=\"bodytext\"><b><br \/>\nPliki dziennika serwera<\/b><br \/>\nAdministrator niniejszych stron w spos\u00f3b ci\u0105g\u0142y gromadzi i zapisuje informacje w tzw. plikach Server-Log-Files, przesy\u0142anych nam automatycznie przez przegl\u0105dark\u0119 u\u017cytkownika. Informacje te dotycz\u0105: rodzaju\/wersji przegl\u0105darki, u\u017cywanego systemu operacyjnego, adresu URL, nazwy hostu komputera u\u017cytkownika, godziny o kt\u00f3rej nast\u0105pi\u0142o zapytania serwera. Powy\u017csze dane nie umo\u017cliwiaj\u0105 identyfikacji danego u\u017cytkownika. Nie ma miejsca zestawienie tych danych z innymi \u017ar\u00f3d\u0142ami danych. Zastrzegamy sobie prawo do kontroli wymienionych danych w przypadku zaistnienia konkretnych podejrze\u0144 odno\u015bnie dzia\u0142a\u0144 niezgodnych z prawem.<\/p>\n<p class=\"bodytext\"><b>Formularz kontaktowy<\/b><br \/>\nDane zawarte w formularzu kontaktowym, \u0142\u0105cznie z danymi kontaktowymi u\u017cytkownika b\u0119d\u0105 zapisywane celem ich przetworzenia oraz ewentualnie dalszej komunikacji. Dane te nie s\u0105 przez nas przekazywane osobom trzecim bez zgody u\u017cytkownika.<\/p>\n<p class=\"bodytext\"><b><br \/>\nZakaz przesy\u0142ania tre\u015bci marketingowych drog\u0105 mailow\u0105<\/b><br \/>\nWykorzystanie zawartych w Impressum danych kontaktowych administratora strony do przesy\u0142ania materia\u0142\u00f3w marketingowych i reklamowych, bez uprzedniego zezwolenia administratora strony jest niedozwolone. Administrator strony zastrzega sobie prawo do podj\u0119cia krok\u00f3w prawnych w przypadku otrzymania niepo\u017c\u0105danych tre\u015bci marketingowych, np. w formie spamu itp.<\/p>\n<p class=\"bodytext\"><b><br \/>\nBiuletyn<\/b><br \/>\nOsoby zainteresowane otrzymywaniem newslettera prosimy o podanie adresu mailowego oraz informacji dodatkowych, umo\u017cliwiaj\u0105cych potwierdzenie adresu mailowego oraz zgody na aktywowanie us\u0142ugi. Informacje inne ni\u017c wymienione powy\u017cej nie b\u0119d\u0105 gromadzone. Dane u\u017cytkownika wykorzystywane s\u0105 wy\u0142\u0105cznie na potrzeby wysy\u0142ki \u017c\u0105danych informacji i nie b\u0119d\u0105 przekazywane osobom trzecim. U\u017cytkownik w ka\u017cdej chwili ma prawo do cofni\u0119cia zgody na zapisywanie jego danych, adresu mailowego oraz ich wykorzystania celem wysy\u0142ki newslettera. W tym celu mo\u017ce on skorzysta\u0107 np. z opcji \u201eWypisz\u201d (\u201eAustragen\u201c) w newsletterze.<\/p>\n<p>\u00a0[\/vc_column_text][\/vc_column][\/vc_row][vc_row type=&#8221;in_container&#8221; full_screen_row_position=&#8221;middle&#8221; column_margin=&#8221;default&#8221; scene_position=&#8221;center&#8221; text_color=&#8221;dark&#8221; text_align=&#8221;left&#8221; class=&#8221;trennung-standard&#8221; overlay_strength=&#8221;0.3&#8243; shape_divider_position=&#8221;bottom&#8221; bg_image_animation=&#8221;none&#8221; shape_type=&#8221;&#8221;][vc_column column_padding=&#8221;no-extra-padding&#8221; column_padding_position=&#8221;all&#8221; background_color_opacity=&#8221;1&#8243; background_hover_color_opacity=&#8221;1&#8243; column_link_target=&#8221;_self&#8221; column_shadow=&#8221;none&#8221; column_border_radius=&#8221;none&#8221; width=&#8221;1\/1&#8243; tablet_width_inherit=&#8221;default&#8221; tablet_text_alignment=&#8221;default&#8221; phone_text_alignment=&#8221;default&#8221; overlay_strength=&#8221;0.3&#8243; column_border_width=&#8221;none&#8221; column_border_style=&#8221;solid&#8221; bg_image_animation=&#8221;none&#8221;][divider line_type=&#8221;No Line&#8221;][\/vc_column][\/vc_row]\n","protected":false},"excerpt":{"rendered":"<p>[vc_row type=&#8221;in_container&#8221; full_screen_row_position=&#8221;middle&#8221; column_margin=&#8221;default&#8221; scene_position=&#8221;center&#8221; text_color=&#8221;dark&#8221; text_align=&#8221;left&#8221; class=&#8221;trennung-standard&#8221; overlay_strength=&#8221;0.3&#8243; shape_divider_position=&#8221;bottom&#8221; bg_image_animation=&#8221;none&#8221; shape_type=&#8221;&#8221;][vc_column column_padding=&#8221;no-extra-padding&#8221; column_padding_position=&#8221;all&#8221; background_color_opacity=&#8221;1&#8243; background_hover_color_opacity=&#8221;1&#8243; column_link_target=&#8221;_self&#8221; column_shadow=&#8221;none&#8221; column_border_radius=&#8221;none&#8221; width=&#8221;1\/1&#8243;&#8230;<\/p>\n","protected":false},"author":1,"featured_media":0,"parent":0,"menu_order":0,"comment_status":"closed","ping_status":"closed","template":"","meta":{"inline_featured_image":false,"footnotes":""},"yoast_head":"<!-- This site is optimized with the Yoast SEO plugin v22.2 - https:\/\/yoast.com\/wordpress\/plugins\/seo\/ -->\n<title>Polityka Prywatno\u015bci - Gr\u00fcnewald International<\/title>\n<meta name=\"robots\" content=\"index, follow, max-snippet:-1, max-image-preview:large, max-video-preview:-1\" \/>\n<link rel=\"canonical\" href=\"https:\/\/www.gruenewald-international.com\/pl\/polityka-prywatnosci\/\" \/>\n<meta property=\"og:locale\" content=\"pl_PL\" \/>\n<meta property=\"og:type\" content=\"article\" \/>\n<meta property=\"og:title\" content=\"Polityka Prywatno\u015bci - Gr\u00fcnewald International\" \/>\n<meta property=\"og:description\" content=\"[vc_row type=&#8221;in_container&#8221; full_screen_row_position=&#8221;middle&#8221; column_margin=&#8221;default&#8221; scene_position=&#8221;center&#8221; text_color=&#8221;dark&#8221; text_align=&#8221;left&#8221; class=&#8221;trennung-standard&#8221; overlay_strength=&#8221;0.3&#8243; shape_divider_position=&#8221;bottom&#8221; bg_image_animation=&#8221;none&#8221; shape_type=&#8221;&#8221;][vc_column column_padding=&#8221;no-extra-padding&#8221; column_padding_position=&#8221;all&#8221; background_color_opacity=&#8221;1&#8243; background_hover_color_opacity=&#8221;1&#8243; column_link_target=&#8221;_self&#8221; column_shadow=&#8221;none&#8221; column_border_radius=&#8221;none&#8221; width=&#8221;1\/1&#8243;...\" \/>\n<meta property=\"og:url\" content=\"https:\/\/www.gruenewald-international.com\/pl\/polityka-prywatnosci\/\" \/>\n<meta property=\"og:site_name\" content=\"Gr\u00fcnewald International\" \/>\n<meta property=\"article:modified_time\" content=\"2019-11-19T11:07:19+00:00\" \/>\n<meta name=\"twitter:card\" content=\"summary_large_image\" \/>\n<meta name=\"twitter:label1\" content=\"Szacowany czas czytania\" \/>\n\t<meta name=\"twitter:data1\" content=\"7 minut\" \/>\n<script type=\"application\/ld+json\" class=\"yoast-schema-graph\">{\"@context\":\"https:\/\/schema.org\",\"@graph\":[{\"@type\":\"WebPage\",\"@id\":\"https:\/\/www.gruenewald-international.com\/pl\/polityka-prywatnosci\/\",\"url\":\"https:\/\/www.gruenewald-international.com\/pl\/polityka-prywatnosci\/\",\"name\":\"Polityka Prywatno\u015bci - Gr\u00fcnewald International\",\"isPartOf\":{\"@id\":\"https:\/\/www.gruenewald-international.com\/pl\/#website\"},\"datePublished\":\"2019-05-28T13:20:49+00:00\",\"dateModified\":\"2019-11-19T11:07:19+00:00\",\"inLanguage\":\"pl-PL\",\"potentialAction\":[{\"@type\":\"ReadAction\",\"target\":[\"https:\/\/www.gruenewald-international.com\/pl\/polityka-prywatnosci\/\"]}]},{\"@type\":\"WebSite\",\"@id\":\"https:\/\/www.gruenewald-international.com\/pl\/#website\",\"url\":\"https:\/\/www.gruenewald-international.com\/pl\/\",\"name\":\"Gr\u00fcnewald International\",\"description\":\"Qualit\u00e4t seit 1938\",\"potentialAction\":[{\"@type\":\"SearchAction\",\"target\":{\"@type\":\"EntryPoint\",\"urlTemplate\":\"https:\/\/www.gruenewald-international.com\/pl\/?s={search_term_string}\"},\"query-input\":\"required name=search_term_string\"}],\"inLanguage\":\"pl-PL\"}]}<\/script>\n<!-- \/ Yoast SEO plugin. -->","yoast_head_json":{"title":"Polityka Prywatno\u015bci - Gr\u00fcnewald International","robots":{"index":"index","follow":"follow","max-snippet":"max-snippet:-1","max-image-preview":"max-image-preview:large","max-video-preview":"max-video-preview:-1"},"canonical":"https:\/\/www.gruenewald-international.com\/pl\/polityka-prywatnosci\/","og_locale":"pl_PL","og_type":"article","og_title":"Polityka Prywatno\u015bci - Gr\u00fcnewald International","og_description":"[vc_row type=&#8221;in_container&#8221; full_screen_row_position=&#8221;middle&#8221; column_margin=&#8221;default&#8221; scene_position=&#8221;center&#8221; text_color=&#8221;dark&#8221; text_align=&#8221;left&#8221; class=&#8221;trennung-standard&#8221; overlay_strength=&#8221;0.3&#8243; shape_divider_position=&#8221;bottom&#8221; bg_image_animation=&#8221;none&#8221; shape_type=&#8221;&#8221;][vc_column column_padding=&#8221;no-extra-padding&#8221; column_padding_position=&#8221;all&#8221; background_color_opacity=&#8221;1&#8243; background_hover_color_opacity=&#8221;1&#8243; column_link_target=&#8221;_self&#8221; column_shadow=&#8221;none&#8221; column_border_radius=&#8221;none&#8221; width=&#8221;1\/1&#8243;...","og_url":"https:\/\/www.gruenewald-international.com\/pl\/polityka-prywatnosci\/","og_site_name":"Gr\u00fcnewald International","article_modified_time":"2019-11-19T11:07:19+00:00","twitter_card":"summary_large_image","twitter_misc":{"Szacowany czas czytania":"7 minut"},"schema":{"@context":"https:\/\/schema.org","@graph":[{"@type":"WebPage","@id":"https:\/\/www.gruenewald-international.com\/pl\/polityka-prywatnosci\/","url":"https:\/\/www.gruenewald-international.com\/pl\/polityka-prywatnosci\/","name":"Polityka Prywatno\u015bci - Gr\u00fcnewald International","isPartOf":{"@id":"https:\/\/www.gruenewald-international.com\/pl\/#website"},"datePublished":"2019-05-28T13:20:49+00:00","dateModified":"2019-11-19T11:07:19+00:00","inLanguage":"pl-PL","potentialAction":[{"@type":"ReadAction","target":["https:\/\/www.gruenewald-international.com\/pl\/polityka-prywatnosci\/"]}]},{"@type":"WebSite","@id":"https:\/\/www.gruenewald-international.com\/pl\/#website","url":"https:\/\/www.gruenewald-international.com\/pl\/","name":"Gr\u00fcnewald International","description":"Qualit\u00e4t seit 1938","potentialAction":[{"@type":"SearchAction","target":{"@type":"EntryPoint","urlTemplate":"https:\/\/www.gruenewald-international.com\/pl\/?s={search_term_string}"},"query-input":"required name=search_term_string"}],"inLanguage":"pl-PL"}]}},"_links":{"self":[{"href":"https:\/\/www.gruenewald-international.com\/pl\/wp-json\/wp\/v2\/pages\/11048"}],"collection":[{"href":"https:\/\/www.gruenewald-international.com\/pl\/wp-json\/wp\/v2\/pages"}],"about":[{"href":"https:\/\/www.gruenewald-international.com\/pl\/wp-json\/wp\/v2\/types\/page"}],"author":[{"embeddable":true,"href":"https:\/\/www.gruenewald-international.com\/pl\/wp-json\/wp\/v2\/users\/1"}],"replies":[{"embeddable":true,"href":"https:\/\/www.gruenewald-international.com\/pl\/wp-json\/wp\/v2\/comments?post=11048"}],"version-history":[{"count":3,"href":"https:\/\/www.gruenewald-international.com\/pl\/wp-json\/wp\/v2\/pages\/11048\/revisions"}],"predecessor-version":[{"id":11051,"href":"https:\/\/www.gruenewald-international.com\/pl\/wp-json\/wp\/v2\/pages\/11048\/revisions\/11051"}],"wp:attachment":[{"href":"https:\/\/www.gruenewald-international.com\/pl\/wp-json\/wp\/v2\/media?parent=11048"}],"curies":[{"name":"wp","href":"https:\/\/api.w.org\/{rel}","templated":true}]}}